{"id":2226,"date":"2023-09-29T15:37:59","date_gmt":"2023-09-29T13:37:59","guid":{"rendered":"https:\/\/delfiramos.com\/?page_id=2226"},"modified":"2025-05-09T13:06:46","modified_gmt":"2025-05-09T11:06:46","slug":"no-redes","status":"publish","type":"page","link":"https:\/\/delfiramos.com\/ca\/no-redes\/","title":{"rendered":"No-Xarxes"},"content":{"rendered":"<style type=\"text\/css\" data-created_by=\"avia_inline_auto\" id=\"style-css-av-36epbm-091e7a41fab1e33708659031d80f976f\">\n#top .hr.hr-invisible.av-36epbm-091e7a41fab1e33708659031d80f976f{\nheight:10px;\n}\n<\/style>\n<div  class='hr av-36epbm-091e7a41fab1e33708659031d80f976f hr-invisible  avia-builder-el-0  el_before_av_section  avia-builder-el-no-sibling'><span class='hr-inner'><span class=\"hr-inner-style\"><\/span><\/span><\/div>\n<\/div><\/div><\/div><!-- close content main div --><\/div><\/div><div id='colaboraciones'  class='avia-section av-i2jxe-fe94b76d8f356c7654046ce4dc1d88da main_color avia-section-default avia-no-border-styling  avia-builder-el-1  el_after_av_hr  avia-builder-el-last  avia-bg-style-fixed av-minimum-height av-minimum-height-75 av-height-75  container_wrap fullsize'   data-av_minimum_height_pc='75' data-av_min_height_opt='75'><div class='container av-section-cont-open' ><div class='template-page content  av-content-full alpha units'><div class='post-entry post-entry-type-page post-entry-2226'><div class='entry-content-wrapper clearfix'>\n<div  class='flex_column av-42xedu-5c741c12db792a32281e77944c71c24e av_one_half  avia-builder-el-2  el_before_av_one_half  avia-builder-el-first  first flex_column_div'     ><p>\n<style type=\"text\/css\" data-created_by=\"avia_inline_auto\" id=\"style-css-av-25igyq-a98db4b78e99aa237924a88ae1e0afc0\">\n#top .hr.hr-invisible.av-25igyq-a98db4b78e99aa237924a88ae1e0afc0{\nheight:15px;\n}\n<\/style>\n<div  class='hr av-25igyq-a98db4b78e99aa237924a88ae1e0afc0 hr-invisible  avia-builder-el-3  el_before_av_heading  avia-builder-el-first'><span class='hr-inner'><span class=\"hr-inner-style\"><\/span><\/span><\/div><br \/>\n\n<style type=\"text\/css\" data-created_by=\"avia_inline_auto\" id=\"style-css-av-17lb8vm-57e78d85ae25b5d56b5fe156459456cc\">\n#top .av-special-heading.av-17lb8vm-57e78d85ae25b5d56b5fe156459456cc{\npadding-bottom:10px;\nfont-size:64px;\n}\nbody .av-special-heading.av-17lb8vm-57e78d85ae25b5d56b5fe156459456cc .av-special-heading-tag .heading-char{\nfont-size:25px;\n}\n#top #wrap_all .av-special-heading.av-17lb8vm-57e78d85ae25b5d56b5fe156459456cc .av-special-heading-tag{\nfont-size:64px;\n}\n.av-special-heading.av-17lb8vm-57e78d85ae25b5d56b5fe156459456cc .av-subheading{\nfont-size:15px;\n}\n\n@media only screen and (min-width: 480px) and (max-width: 767px){ \n#top #wrap_all .av-special-heading.av-17lb8vm-57e78d85ae25b5d56b5fe156459456cc .av-special-heading-tag{\nfont-size:0.8em;\n}\n}\n\n@media only screen and (max-width: 479px){ \n#top #wrap_all .av-special-heading.av-17lb8vm-57e78d85ae25b5d56b5fe156459456cc .av-special-heading-tag{\nfont-size:0.8em;\n}\n}\n<\/style>\n<div  class='av-special-heading av-17lb8vm-57e78d85ae25b5d56b5fe156459456cc av-special-heading-h1 custom-color-heading blockquote modern-quote  avia-builder-el-4  el_after_av_hr  el_before_av_hr  av-inherit-size'><h1 class='av-special-heading-tag'  itemprop=\"headline\"  >Benvinguda, benvingut als meus NO-XARXES<\/h1><div class=\"special-heading-border\"><div class=\"special-heading-inner-border\"><\/div><\/div><\/div><br \/>\n\n<style type=\"text\/css\" data-created_by=\"avia_inline_auto\" id=\"style-css-av-15wfgk2-a1b9bf0958e41adb5eb581446080ea74\">\n#top .hr.av-15wfgk2-a1b9bf0958e41adb5eb581446080ea74{\nmargin-top:10px;\nmargin-bottom:15px;\n}\n.hr.av-15wfgk2-a1b9bf0958e41adb5eb581446080ea74 .hr-inner{\nwidth:150px;\nborder-color:#e2dcd7;\n}\n<\/style>\n<div  class='hr av-15wfgk2-a1b9bf0958e41adb5eb581446080ea74 hr-custom  avia-builder-el-5  el_after_av_heading  avia-builder-el-last  hr-left hr-icon-no'><span class='hr-inner inner-border-av-border-thin'><span class=\"hr-inner-style\"><\/span><\/span><\/div><\/p><\/div>\n<style type=\"text\/css\" data-created_by=\"avia_inline_auto\" id=\"style-css-av-4rh3nm-0696ba2663f19e2d472bbad1652c31b4\">\n@keyframes av_boxShadowEffect_av-4rh3nm-0696ba2663f19e2d472bbad1652c31b4-column {\n0%   { box-shadow:  0 0 0 0 #59595950; opacity: 1; }\n100% { box-shadow:  0 0 10px 0 #59595950; opacity: 1; }\n}\n.flex_column.av-4rh3nm-0696ba2663f19e2d472bbad1652c31b4{\nbox-shadow: 0 0 10px 0 #59595950;\nborder-width:18px;\nborder-color:#f4f0ee;\nborder-style:solid;\nborder-radius:20px 20px 20px 20px;\npadding:30px 40px 20px 40px;\nbackground-color:#f4f0ee;\n}\n\n@media only screen and (max-width: 479px){ \n.flex_column.av-4rh3nm-0696ba2663f19e2d472bbad1652c31b4{\npadding:0 0 0 0;\n}\n}\n<\/style>\n<div  class='flex_column av-4rh3nm-0696ba2663f19e2d472bbad1652c31b4 av_one_half  avia-builder-el-6  el_after_av_one_half  el_before_av_hr  flex_column_div shadow-not-animated'     ><p>\n<style type=\"text\/css\" data-created_by=\"avia_inline_auto\" id=\"style-css-av-18w9pcy-d1fd5fbe7956fb06e2218175bd0ce0e0\">\n#top .hr.hr-invisible.av-18w9pcy-d1fd5fbe7956fb06e2218175bd0ce0e0{\nheight:15px;\n}\n<\/style>\n<div  class='hr av-18w9pcy-d1fd5fbe7956fb06e2218175bd0ce0e0 hr-invisible  avia-builder-el-7  el_before_av_textblock  avia-builder-el-first'><span class='hr-inner'><span class=\"hr-inner-style\"><\/span><\/span><\/div><br \/>\n\n<style type=\"text\/css\" data-created_by=\"avia_inline_auto\" id=\"style-css-av-155x8pe-6995381fddd3100f2ad7794c24a063d7\">\n#top .av_textblock_section.av-155x8pe-6995381fddd3100f2ad7794c24a063d7 .avia_textblock{\nfont-size:17px;\n}\n<\/style>\n<section  class='av_textblock_section av-155x8pe-6995381fddd3100f2ad7794c24a063d7'   itemscope=\"itemscope\" itemtype=\"https:\/\/schema.org\/CreativeWork\" ><div class='avia_textblock av_inherit_color'  itemprop=\"text\" ><p><strong>No ser\u00e9 present a xarxes socials o a portals de m\u00e0rqueting de salut.<\/strong> \u00c9s una decisi\u00f3 molt meditada i que mantindr\u00e9 per ara. Coneix una mica m\u00e9s sobre aquesta decisi\u00f3 <a href=\"https:\/\/delfiramos.com\/ca\/mis-no-redes\/\" target=\"_blank\" rel=\"noopener\">AQU\u00cd<\/a>.<\/p>\n<p>Mentrestant t&#039;invito a seguir-me a <strong>les meves NO-XARXES<\/strong>, tornar\u00e0s a experimentar la sensaci\u00f3 de connectar al teu ritme, sense interrupcions i sense la pressi\u00f3 de decidir si t&#039;ha agradat o no.<\/p>\n<\/div><\/section><\/p><\/div>\n<style type=\"text\/css\" data-created_by=\"avia_inline_auto\" id=\"style-css-av-354u36-ff253a51e314eb9f849044f56b4e801a\">\n#top .hr.hr-invisible.av-354u36-ff253a51e314eb9f849044f56b4e801a{\nheight:20px;\n}\n<\/style>\n<div  class='hr av-354u36-ff253a51e314eb9f849044f56b4e801a hr-invisible  avia-builder-el-9  el_after_av_one_half  el_before_av_masonry_entries  avia-builder-el-last'><span class='hr-inner'><span class=\"hr-inner-style\"><\/span><\/span><\/div>\n<div id='av-masonry-1' class='av-masonry av-m21qlyi1-11d52f74017c9ebb64771880574e48db noHover av-fixed-size av-large-gap av-hover-overlay-active av-masonry-animation-active av-masonry-col-flexible av-caption-always av-caption-style- av-masonry-entries' data-post_id=\"2226\"><div class='av-masonry-sort main_color av-sort-yes' data-masonry-id='1' ><div class='av-sort-by-term' data-av-allowed-sort='[\"psicologia_sort\",\"sexologia_sort\"]' ><a href=\"#\" data-filter=\"all_sort\" class=\"all_sort_button active_sort\"><span class=\"inner_sort_button\"><span>All<\/span><small class=\"avia-term-count\"> 24 <\/small><\/span><\/a><span class='text-sep psicologia_sort_sep avia_show_sort'>\/<\/span><a href=\"#\" data-filter=\"psicologia_sort\" class=\"psicologia_sort_button avia_show_sort\" ><span class=\"inner_sort_button\"><span>Psicologia<\/span><small class='avia-term-count'> 14 <\/small><\/span><\/a><span class='text-sep sexologia_sort_sep avia_show_sort'>\/<\/span><a href=\"#\" data-filter=\"sexologia_sort\" class=\"sexologia_sort_button avia_show_sort\" ><span class=\"inner_sort_button\"><span>Sexologia<\/span><small class='avia-term-count'> 12 <\/small><\/span><\/a><\/div><\/div><div class=\"av-masonry-container isotope av-js-disabled\"><div class='av-masonry-entry isotope-item av-masonry-item-no-image all_sort psicologia_sort  sexologia_sort'><\/div><a href=\"https:\/\/delfiramos.com\/ca\/receta-para-un-nino-sano-y-feliz\/\"  id='av-masonry-1-item-3863' data-av-masonry-item='3863' class='av-masonry-entry isotope-item post-3863 post type-post status-publish format-standard has-post-thumbnail hentry category-psicologia all_sort psicologia_sort  av-masonry-item-with-image' title=\"Ni\u00f1o feliz\"   itemscope=\"itemscope\" itemtype=\"https:\/\/schema.org\/CreativeWork\" ><div class='av-inner-masonry-sizer'><\/div><figure class='av-inner-masonry main_color'><div class=\"av-masonry-outerimage-container\"><div class='av-masonry-image-container' style=\"background-image: url(https:\/\/delfiramos.com\/wp-content\/uploads\/Nino-feliz-710x375.png);\"  title=\"Ni\u00f1o feliz\" ><\/div><\/div><figcaption class='av-inner-masonry-content site-background'><div class='av-inner-masonry-content-pos'><div class='av-inner-masonry-content-pos-content'><div class='avia-arrow'><\/div><h3 class='av-masonry-entry-title entry-title'  itemprop=\"headline\" >Receta para un ni\u00f1o sano y feliz<\/h3><span class='av-masonry-date meta-color updated'>19 juliol, 2026<\/span><span class=\"av-masonry-text-sep text-sep-author\">\/<\/span><span class='av-masonry-author meta-color author'><span class='fn'>by Delfi Ramos<\/span><\/span><\/div><\/div><\/figcaption><\/figure><\/a><!--end av-masonry entry--><a href=\"https:\/\/delfiramos.com\/ca\/el-cine-porno-en-la-epoca-modernista\/\"  id='av-masonry-1-item-3851' data-av-masonry-item='3851' class='av-masonry-entry isotope-item post-3851 post type-post status-publish format-standard has-post-thumbnail hentry category-sexologia all_sort sexologia_sort  av-masonry-item-with-image' title=\"biofonografo\"   itemscope=\"itemscope\" itemtype=\"https:\/\/schema.org\/CreativeWork\" ><div class='av-inner-masonry-sizer'><\/div><figure class='av-inner-masonry main_color'><div class=\"av-masonry-outerimage-container\"><div class='av-masonry-image-container' style=\"background-image: url(https:\/\/delfiramos.com\/wp-content\/uploads\/biofonografo-650x375.jpg);\"  title=\"biofonografo\" ><\/div><\/div><figcaption class='av-inner-masonry-content site-background'><div class='av-inner-masonry-content-pos'><div class='av-inner-masonry-content-pos-content'><div class='avia-arrow'><\/div><h3 class='av-masonry-entry-title entry-title'  itemprop=\"headline\" >El cine porno en la \u00e9poca modernista<\/h3><span class='av-masonry-date meta-color updated'>13 maig, 2026<\/span><span class=\"av-masonry-text-sep text-sep-author\">\/<\/span><span class='av-masonry-author meta-color author'><span class='fn'>by Delfi Ramos<\/span><\/span><\/div><\/div><\/figcaption><\/figure><\/a><!--end av-masonry entry--><a href=\"https:\/\/delfiramos.com\/ca\/taller-con-mar-de-zumba\/\"  id='av-masonry-1-item-3847' data-av-masonry-item='3847' class='av-masonry-entry isotope-item post-3847 post type-post status-publish format-standard has-post-thumbnail hentry category-psicologia all_sort psicologia_sort  av-masonry-item-with-image' title=\"Risoterapia Mar de Zumba\"   itemscope=\"itemscope\" itemtype=\"https:\/\/schema.org\/CreativeWork\" ><div class='av-inner-masonry-sizer'><\/div><figure class='av-inner-masonry main_color'><div class=\"av-masonry-outerimage-container\"><div class='av-masonry-image-container' style=\"background-image: url(https:\/\/delfiramos.com\/wp-content\/uploads\/Risoterapia-Mar-de-Zumba-710x375.jpg);\"  title=\"Risoterapia Mar de Zumba\" ><\/div><\/div><figcaption class='av-inner-masonry-content site-background'><div class='av-inner-masonry-content-pos'><div class='av-inner-masonry-content-pos-content'><div class='avia-arrow'><\/div><h3 class='av-masonry-entry-title entry-title'  itemprop=\"headline\" >Taller con Mar de Zumba<\/h3><span class='av-masonry-date meta-color updated'>24 abril, 2026<\/span><span class=\"av-masonry-text-sep text-sep-author\">\/<\/span><span class='av-masonry-author meta-color author'><span class='fn'>by Delfi Ramos<\/span><\/span><\/div><\/div><\/figcaption><\/figure><\/a><!--end av-masonry entry--><a href=\"https:\/\/delfiramos.com\/ca\/adventure-rat-park-el-modelo-de-enriquecimiento-ambiental-en-adicciones\/\"  id='av-masonry-1-item-3841' data-av-masonry-item='3841' class='av-masonry-entry isotope-item post-3841 post type-post status-publish format-standard has-post-thumbnail hentry category-psicologia all_sort psicologia_sort  av-masonry-item-with-image' title=\"Rat Aventura park enriquecimiento ambiental\"   itemscope=\"itemscope\" itemtype=\"https:\/\/schema.org\/CreativeWork\" ><div class='av-inner-masonry-sizer'><\/div><figure class='av-inner-masonry main_color'><div class=\"av-masonry-outerimage-container\"><div class='av-masonry-image-container' style=\"background-image: url(https:\/\/delfiramos.com\/wp-content\/uploads\/Rat-Aventura-park-enriquecimiento-ambiental-710x375.png);\"  title=\"Rat Aventura park enriquecimiento ambiental\" ><\/div><\/div><figcaption class='av-inner-masonry-content site-background'><div class='av-inner-masonry-content-pos'><div class='av-inner-masonry-content-pos-content'><div class='avia-arrow'><\/div><h3 class='av-masonry-entry-title entry-title'  itemprop=\"headline\" >\u00abRat park\u00bb, el modelo de enriquecimiento ambiental en adicciones<\/h3><span class='av-masonry-date meta-color updated'>24 abril, 2026<\/span><span class=\"av-masonry-text-sep text-sep-author\">\/<\/span><span class='av-masonry-author meta-color author'><span class='fn'>by Delfi Ramos<\/span><\/span><\/div><\/div><\/figcaption><\/figure><\/a><!--end av-masonry entry--><a href=\"https:\/\/delfiramos.com\/ca\/palabras-a-mi-mismo\/\"  id='av-masonry-1-item-3836' data-av-masonry-item='3836' class='av-masonry-entry isotope-item post-3836 post type-post status-publish format-standard has-post-thumbnail hentry category-psicologia all_sort psicologia_sort  av-masonry-item-with-image' title=\"Imperfecta\"   itemscope=\"itemscope\" itemtype=\"https:\/\/schema.org\/CreativeWork\" ><div class='av-inner-masonry-sizer'><\/div><figure class='av-inner-masonry main_color'><div class=\"av-masonry-outerimage-container\"><div class='av-masonry-image-container' style=\"background-image: url(https:\/\/delfiramos.com\/wp-content\/uploads\/Imperfecta-710x375.png);\"  title=\"Imperfecta\" ><\/div><\/div><figcaption class='av-inner-masonry-content site-background'><div class='av-inner-masonry-content-pos'><div class='av-inner-masonry-content-pos-content'><div class='avia-arrow'><\/div><h3 class='av-masonry-entry-title entry-title'  itemprop=\"headline\" >Palabras a m\u00ed mismo<\/h3><span class='av-masonry-date meta-color updated'>30 mar\u00e7, 2026<\/span><span class=\"av-masonry-text-sep text-sep-author\">\/<\/span><span class='av-masonry-author meta-color author'><span class='fn'>by Delfi Ramos<\/span><\/span><\/div><\/div><\/figcaption><\/figure><\/a><!--end av-masonry entry--><a href=\"https:\/\/delfiramos.com\/ca\/riso-terapia\/\"  id='av-masonry-1-item-3816' data-av-masonry-item='3816' class='av-masonry-entry isotope-item post-3816 post type-post status-publish format-video has-post-thumbnail hentry category-psicologia post_format-post-format-video all_sort psicologia_sort  av-masonry-item-with-image' title=\"Risoterapia V\u00edcar enero 26 3\"   itemscope=\"itemscope\" itemtype=\"https:\/\/schema.org\/CreativeWork\" ><div class='av-inner-masonry-sizer'><\/div><figure class='av-inner-masonry main_color'><div class=\"av-masonry-outerimage-container\"><div class='av-masonry-image-container' style=\"background-image: url(https:\/\/delfiramos.com\/wp-content\/uploads\/Risoterapia-Vicar-enero-26-3-710x375.jpg);\"  title=\"Risoterapia V\u00edcar enero 26 3\" ><\/div><\/div><figcaption class='av-inner-masonry-content site-background'><div class='av-inner-masonry-content-pos'><div class='av-inner-masonry-content-pos-content'><div class='avia-arrow'><\/div><span class='av-icon-display av-masonry-media avia-svg-icon avia-font-svg_entypo-fontello' data-av_svg_icon='video' data-av_iconset='svg_entypo-fontello'><svg version=\"1.1\" xmlns=\"http:\/\/www.w3.org\/2000\/svg\" width=\"31\" height=\"32\" viewbox=\"0 0 31 32\" preserveaspectratio=\"xMidYMid meet\" role=\"graphics-symbol\" aria-hidden=\"true\">\n<path d=\"M31.36 8h-3.2v3.2h3.2v3.2h-3.2v3.2h3.2v3.2h-3.2v3.2h3.2v1.92q0 0.512-0.384 0.896t-0.896 0.384h-28.8q-0.512 0-0.896-0.384t-0.384-0.896v-1.92h3.2v-3.2h-3.2v-3.2h3.2v-3.2h-3.2v-3.2h3.2v-3.2h-3.2v-1.92q0-0.576 0.384-0.928t0.896-0.352h28.8q0.512 0 0.896 0.352t0.384 0.928v1.92zM12.16 20.8l8-4.8-8-4.8v9.6z\"><\/path>\n<\/svg><\/span><h3 class='av-masonry-entry-title entry-title'  itemprop=\"headline\" >Riso&#8230;\u00bfterapia?<\/h3><span class='av-masonry-date meta-color updated'>24 febrer, 2026<\/span><span class=\"av-masonry-text-sep text-sep-author\">\/<\/span><span class='av-masonry-author meta-color author'><span class='fn'>by Delfi Ramos<\/span><\/span><\/div><\/div><\/figcaption><\/figure><\/a><!--end av-masonry entry--><a href=\"https:\/\/delfiramos.com\/ca\/hoy-te-quiero-contar-un-chiste\/\"  id='av-masonry-1-item-3801' data-av-masonry-item='3801' class='av-masonry-entry isotope-item post-3801 post type-post status-publish format-standard has-post-thumbnail hentry category-sexologia all_sort sexologia_sort  av-masonry-item-with-image' title=\"Efecto Coolidge\"   itemscope=\"itemscope\" itemtype=\"https:\/\/schema.org\/CreativeWork\" ><div class='av-inner-masonry-sizer'><\/div><figure class='av-inner-masonry main_color'><div class=\"av-masonry-outerimage-container\"><div class='av-masonry-image-container' style=\"background-image: url(https:\/\/delfiramos.com\/wp-content\/uploads\/Efecto-Coolidge-710x375.png);\"  title=\"Efecto Coolidge\" ><\/div><\/div><figcaption class='av-inner-masonry-content site-background'><div class='av-inner-masonry-content-pos'><div class='av-inner-masonry-content-pos-content'><div class='avia-arrow'><\/div><h3 class='av-masonry-entry-title entry-title'  itemprop=\"headline\" >\u00bfConoces el efecto Coolidge?<\/h3><span class='av-masonry-date meta-color updated'>18 febrer, 2026<\/span><span class=\"av-masonry-text-sep text-sep-author\">\/<\/span><span class='av-masonry-author meta-color author'><span class='fn'>by Delfi Ramos<\/span><\/span><\/div><\/div><\/figcaption><\/figure><\/a><!--end av-masonry entry--><a href=\"https:\/\/delfiramos.com\/ca\/taller-hablemos-de-sexo\/\"  id='av-masonry-1-item-3780' data-av-masonry-item='3780' class='av-masonry-entry isotope-item post-3780 post type-post status-publish format-standard has-post-thumbnail hentry category-sexologia all_sort sexologia_sort  av-masonry-item-with-image' title=\"Taller Hablemos de Sexo\"   itemscope=\"itemscope\" itemtype=\"https:\/\/schema.org\/CreativeWork\" ><div class='av-inner-masonry-sizer'><\/div><figure class='av-inner-masonry main_color'><div class=\"av-masonry-outerimage-container\"><div class='av-masonry-image-container' style=\"background-image: url(https:\/\/delfiramos.com\/wp-content\/uploads\/Taller-Hablemos-de-Sexo-710x375.jpg);\"  title=\"Taller Hablemos de Sexo\" ><\/div><\/div><figcaption class='av-inner-masonry-content site-background'><div class='av-inner-masonry-content-pos'><div class='av-inner-masonry-content-pos-content'><div class='avia-arrow'><\/div><h3 class='av-masonry-entry-title entry-title'  itemprop=\"headline\" >Taller \u00abHablemos de Sexo\u00bb<\/h3><span class='av-masonry-date meta-color updated'>24 octubre, 2025<\/span><span class=\"av-masonry-text-sep text-sep-author\">\/<\/span><span class='av-masonry-author meta-color author'><span class='fn'>by Delfi Ramos<\/span><\/span><\/div><\/div><\/figcaption><\/figure><\/a><!--end av-masonry entry--><a href=\"https:\/\/delfiramos.com\/ca\/fmt-7-histeria-patologizando-el-deseo-femenino\/\"  id='av-masonry-1-item-3539' data-av-masonry-item='3539' class='av-masonry-entry isotope-item post-3539 post type-post status-publish format-standard has-post-thumbnail hentry category-sexologia all_sort sexologia_sort  av-masonry-item-with-image' title=\"Lli\u00e7\u00f3 cl\u00ednica a la Salp\u00eatri\u00e8re d&#039;Andr\u00e9 Brouillet\"   itemscope=\"itemscope\" itemtype=\"https:\/\/schema.org\/CreativeWork\" ><div class='av-inner-masonry-sizer'><\/div><figure class='av-inner-masonry main_color'><div class=\"av-masonry-outerimage-container\"><div class='av-masonry-image-container' style=\"background-image: url(https:\/\/delfiramos.com\/wp-content\/uploads\/Una-leccion-clinica-en-la-Salpetriere-de-Andre-Brouillet-710x375.jpg);\"  title=\"Lli\u00e7\u00f3 cl\u00ednica a la Salp\u00eatri\u00e8re d&#039;Andr\u00e9 Brouillet\" ><\/div><\/div><figcaption class='av-inner-masonry-content site-background'><div class='av-inner-masonry-content-pos'><div class='av-inner-masonry-content-pos-content'><div class='avia-arrow'><\/div><h3 class='av-masonry-entry-title entry-title'  itemprop=\"headline\" >FMT 7: Hist\u00e8ria: patologitzant el desig femen\u00ed<\/h3><span class='av-masonry-date meta-color updated'>5 maig, 2025<\/span><span class=\"av-masonry-text-sep text-sep-author\">\/<\/span><span class='av-masonry-author meta-color author'><span class='fn'>by Delfi Ramos<\/span><\/span><\/div><\/div><\/figcaption><\/figure><\/a><!--end av-masonry entry--><a href=\"https:\/\/delfiramos.com\/ca\/fmt-6-sobre-el-origen-de-la-sicalipsis-y-el-cuple\/\"  id='av-masonry-1-item-3527' data-av-masonry-item='3527' class='av-masonry-entry isotope-item post-3527 post type-post status-publish format-standard has-post-thumbnail hentry category-sexologia all_sort sexologia_sort  av-masonry-item-with-image' title=\"Bella Chelito\"   itemscope=\"itemscope\" itemtype=\"https:\/\/schema.org\/CreativeWork\" ><div class='av-inner-masonry-sizer'><\/div><figure class='av-inner-masonry main_color'><div class=\"av-masonry-outerimage-container\"><div class='av-masonry-image-container' style=\"background-image: url(https:\/\/delfiramos.com\/wp-content\/uploads\/Bella-Chelito-710x375.jpg);\"  title=\"Bella Chelito\" ><\/div><\/div><figcaption class='av-inner-masonry-content site-background'><div class='av-inner-masonry-content-pos'><div class='av-inner-masonry-content-pos-content'><div class='avia-arrow'><\/div><h3 class='av-masonry-entry-title entry-title'  itemprop=\"headline\" >FMT 6: Sobre l&#039;origen de la sicalipsi i el cuplet<\/h3><span class='av-masonry-date meta-color updated'>5 maig, 2025<\/span><span class=\"av-masonry-text-sep text-sep-author\">\/<\/span><span class='av-masonry-author meta-color author'><span class='fn'>by Delfi Ramos<\/span><\/span><\/div><\/div><\/figcaption><\/figure><\/a><!--end av-masonry entry--><a href=\"https:\/\/delfiramos.com\/ca\/fmt-5-la-casa-mila-como-paradigma-de-la-arquitectura-modernista-catalana-y-su-carga-erotica-analisis-de-ramon-de-torres\/\"  id='av-masonry-1-item-3511' data-av-masonry-item='3511' class='av-masonry-entry isotope-item post-3511 post type-post status-publish format-standard has-post-thumbnail hentry category-sexologia all_sort sexologia_sort  av-masonry-item-with-image' title=\"Fa\u00e7ana exterior casa Mil\u00e0\"   itemscope=\"itemscope\" itemtype=\"https:\/\/schema.org\/CreativeWork\" ><div class='av-inner-masonry-sizer'><\/div><figure class='av-inner-masonry main_color'><div class=\"av-masonry-outerimage-container\"><div class='av-masonry-image-container' style=\"background-image: url(https:\/\/delfiramos.com\/wp-content\/uploads\/Fachada-exterior-casa-Mila-710x375.jpg);\"  title=\"Fa\u00e7ana exterior casa Mil\u00e0\" ><\/div><\/div><figcaption class='av-inner-masonry-content site-background'><div class='av-inner-masonry-content-pos'><div class='av-inner-masonry-content-pos-content'><div class='avia-arrow'><\/div><h3 class='av-masonry-entry-title entry-title'  itemprop=\"headline\" >FMT 5: La casa Mil\u00e0 com a paradigma de l&#039;arquitectura modernista catalana i la c\u00e0rrega er\u00f2tica. An\u00e0lisi de Ramon de Torres.<\/h3><span class='av-masonry-date meta-color updated'>5 maig, 2025<\/span><span class=\"av-masonry-text-sep text-sep-author\">\/<\/span><span class='av-masonry-author meta-color author'><span class='fn'>by Delfi Ramos<\/span><\/span><\/div><\/div><\/figcaption><\/figure><\/a><!--end av-masonry entry--><a href=\"https:\/\/delfiramos.com\/ca\/fmt-la-prensa-sicaliptica-y-los-estudios-sobre-el-comportamiento-sexual\/\"  id='av-masonry-1-item-3494' data-av-masonry-item='3494' class='av-masonry-entry isotope-item post-3494 post type-post status-publish format-standard has-post-thumbnail hentry category-sexologia all_sort sexologia_sort  av-masonry-item-with-image' title=\"Collage sical\u00edptiques\"   itemscope=\"itemscope\" itemtype=\"https:\/\/schema.org\/CreativeWork\" ><div class='av-inner-masonry-sizer'><\/div><figure class='av-inner-masonry main_color'><div class=\"av-masonry-outerimage-container\"><div class='av-masonry-image-container' style=\"background-image: url(https:\/\/delfiramos.com\/wp-content\/uploads\/Collage-sicalipticas-710x375.jpg);\"  title=\"Collage sical\u00edptiques\" ><\/div><\/div><figcaption class='av-inner-masonry-content site-background'><div class='av-inner-masonry-content-pos'><div class='av-inner-masonry-content-pos-content'><div class='avia-arrow'><\/div><h3 class='av-masonry-entry-title entry-title'  itemprop=\"headline\" >FMT 4: La premsa sical\u00edptica i els estudis sobre el comportament sexual<\/h3><span class='av-masonry-date meta-color updated'>5 maig, 2025<\/span><span class=\"av-masonry-text-sep text-sep-author\">\/<\/span><span class='av-masonry-author meta-color author'><span class='fn'>by Delfi Ramos<\/span><\/span><\/div><\/div><\/figcaption><\/figure><\/a><!--end av-masonry entry--><a href=\"https:\/\/delfiramos.com\/ca\/fm-el-erotismo-en-la-pintura-modernista-y-vidal-balaguer-conversando-con-oriol-hernandez\/\"  id='av-masonry-1-item-3484' data-av-masonry-item='3484' class='av-masonry-entry isotope-item post-3484 post type-post status-publish format-standard has-post-thumbnail hentry category-psicologia category-sexologia all_sort psicologia_sort  sexologia_sort  av-masonry-item-with-image' title=\"Amb Oriol Hern\u00e1ndez, Natures mortes\"   itemscope=\"itemscope\" itemtype=\"https:\/\/schema.org\/CreativeWork\" ><div class='av-inner-masonry-sizer'><\/div><figure class='av-inner-masonry main_color'><div class=\"av-masonry-outerimage-container\"><div class='av-masonry-image-container' style=\"background-image: url(https:\/\/delfiramos.com\/wp-content\/uploads\/Con-Oriol-Hernandez-Naturalezas-muertas-710x375.jpg);\"  title=\"Amb Oriol Hern\u00e1ndez, Natures mortes\" ><\/div><\/div><figcaption class='av-inner-masonry-content site-background'><div class='av-inner-masonry-content-pos'><div class='av-inner-masonry-content-pos-content'><div class='avia-arrow'><\/div><h3 class='av-masonry-entry-title entry-title'  itemprop=\"headline\" >FMT 3: L&#039;erotisme a la pintura modernista i Vidal Balaguer. Conversant amb Oriol Hern\u00e1ndez<\/h3><span class='av-masonry-date meta-color updated'>4 maig, 2025<\/span><span class=\"av-masonry-text-sep text-sep-author\">\/<\/span><span class='av-masonry-author meta-color author'><span class='fn'>by Delfi Ramos<\/span><\/span><\/div><\/div><\/figcaption><\/figure><\/a><!--end av-masonry entry--><a href=\"https:\/\/delfiramos.com\/ca\/fm-galeria-de-fotografia-erotica-modernista\/\"  id='av-masonry-1-item-3421' data-av-masonry-item='3421' class='av-masonry-entry isotope-item post-3421 post type-post status-publish format-standard has-post-thumbnail hentry category-sexologia all_sort sexologia_sort  av-masonry-item-with-image' title=\"postal 4\"   itemscope=\"itemscope\" itemtype=\"https:\/\/schema.org\/CreativeWork\" ><div class='av-inner-masonry-sizer'><\/div><figure class='av-inner-masonry main_color'><div class=\"av-masonry-outerimage-container\"><div class='av-masonry-image-container' style=\"background-image: url(https:\/\/delfiramos.com\/wp-content\/uploads\/postal-4-710x375.jpg);\"  title=\"postal 4\" ><\/div><\/div><figcaption class='av-inner-masonry-content site-background'><div class='av-inner-masonry-content-pos'><div class='av-inner-masonry-content-pos-content'><div class='avia-arrow'><\/div><h3 class='av-masonry-entry-title entry-title'  itemprop=\"headline\" >FMT 2: Galeria de fotografia er\u00f2tica modernista<\/h3><span class='av-masonry-date meta-color updated'>4 maig, 2025<\/span><span class=\"av-masonry-text-sep text-sep-author\">\/<\/span><span class='av-masonry-author meta-color author'><span class='fn'>by Delfi Ramos<\/span><\/span><\/div><\/div><\/figcaption><\/figure><\/a><!--end av-masonry entry--><a href=\"https:\/\/delfiramos.com\/ca\/fira-modernista-de-terrassa-como-era-la-moral-sexual-en-la-era-modernista\/\"  id='av-masonry-1-item-3413' data-av-masonry-item='3413' class='av-masonry-entry isotope-item post-3413 post type-post status-publish format-standard has-post-thumbnail hentry category-psicologia category-sexologia all_sort psicologia_sort  sexologia_sort  av-masonry-item-with-image' title=\"Cartell moral sexual era modernista\"   itemscope=\"itemscope\" itemtype=\"https:\/\/schema.org\/CreativeWork\" ><div class='av-inner-masonry-sizer'><\/div><figure class='av-inner-masonry main_color'><div class=\"av-masonry-outerimage-container\"><div class='av-masonry-image-container' style=\"background-image: url(https:\/\/delfiramos.com\/wp-content\/uploads\/Cartel-moral-sexual-era-modernista-710x375.png);\"  title=\"Cartell moral sexual era modernista\" ><\/div><\/div><figcaption class='av-inner-masonry-content site-background'><div class='av-inner-masonry-content-pos'><div class='av-inner-masonry-content-pos-content'><div class='avia-arrow'><\/div><h3 class='av-masonry-entry-title entry-title'  itemprop=\"headline\" >Fira Modernista de Terrassa: Com era la moral sexual a l&#039;era modernista?<\/h3><span class='av-masonry-date meta-color updated'>4 maig, 2025<\/span><span class=\"av-masonry-text-sep text-sep-author\">\/<\/span><span class='av-masonry-author meta-color author'><span class='fn'>by Delfi Ramos<\/span><\/span><\/div><\/div><\/figcaption><\/figure><\/a><!--end av-masonry entry--><a href=\"https:\/\/delfiramos.com\/ca\/en-que-consiste-el-chemsex\/\"  id='av-masonry-1-item-3379' data-av-masonry-item='3379' class='av-masonry-entry isotope-item post-3379 post type-post status-publish format-standard has-post-thumbnail hentry category-sexologia all_sort sexologia_sort  av-masonry-item-with-image' title=\"pexels-mart-production-7230226\"   itemscope=\"itemscope\" itemtype=\"https:\/\/schema.org\/CreativeWork\" ><div class='av-inner-masonry-sizer'><\/div><figure class='av-inner-masonry main_color'><div class=\"av-masonry-outerimage-container\"><div class='av-masonry-image-container' style=\"background-image: url(https:\/\/delfiramos.com\/wp-content\/uploads\/pexels-mart-production-7230226-710x375.jpg);\"  title=\"pexels-mart-production-7230226\" ><\/div><\/div><figcaption class='av-inner-masonry-content site-background'><div class='av-inner-masonry-content-pos'><div class='av-inner-masonry-content-pos-content'><div class='avia-arrow'><\/div><h3 class='av-masonry-entry-title entry-title'  itemprop=\"headline\" >En qu\u00e8 consisteix el Chemsex i per qu\u00e8 \u00e9s important con\u00e8ixer-lo<\/h3><span class='av-masonry-date meta-color updated'>26 febrer, 2025<\/span><span class=\"av-masonry-text-sep text-sep-author\">\/<\/span><span class='av-masonry-author meta-color author'><span class='fn'>by Delfi Ramos<\/span><\/span><\/div><\/div><\/figcaption><\/figure><\/a><!--end av-masonry entry--><a href=\"https:\/\/delfiramos.com\/ca\/el-poder-del-autocuidado-o-el-si-no-tengo-no-puedo-darte\/\"  id='av-masonry-1-item-3367' data-av-masonry-item='3367' class='av-masonry-entry isotope-item post-3367 post type-post status-publish format-standard has-post-thumbnail hentry category-psicologia all_sort psicologia_sort  av-masonry-item-with-image' title=\"Self Love Club\"   itemscope=\"itemscope\" itemtype=\"https:\/\/schema.org\/CreativeWork\" ><div class='av-inner-masonry-sizer'><\/div><figure class='av-inner-masonry main_color'><div class=\"av-masonry-outerimage-container\"><div class='av-masonry-image-container' style=\"background-image: url(https:\/\/delfiramos.com\/wp-content\/uploads\/Self-Love-Club-600x375.jpg);\"  title=\"Self Love Club\" ><\/div><\/div><figcaption class='av-inner-masonry-content site-background'><div class='av-inner-masonry-content-pos'><div class='av-inner-masonry-content-pos-content'><div class='avia-arrow'><\/div><h3 class='av-masonry-entry-title entry-title'  itemprop=\"headline\" >El poder de l&#039;autocura (o el \u00absi no en tinc no et puc donar\u00bb)<\/h3><span class='av-masonry-date meta-color updated'>31 gener, 2025<\/span><span class=\"av-masonry-text-sep text-sep-author\">\/<\/span><span class='av-masonry-author meta-color author'><span class='fn'>by Delfi Ramos<\/span><\/span><\/div><\/div><\/figcaption><\/figure><\/a><!--end av-masonry entry--><a href=\"https:\/\/delfiramos.com\/ca\/3347-2\/\"  id='av-masonry-1-item-3347' data-av-masonry-item='3347' class='av-masonry-entry isotope-item post-3347 post type-post status-publish format-standard has-post-thumbnail hentry category-psicologia all_sort psicologia_sort  av-masonry-item-with-image' title=\"Risoter\u00e0pia V\u00edcar\"   itemscope=\"itemscope\" itemtype=\"https:\/\/schema.org\/CreativeWork\" ><div class='av-inner-masonry-sizer'><\/div><figure class='av-inner-masonry main_color'><div class=\"av-masonry-outerimage-container\"><div class='av-masonry-image-container' style=\"background-image: url(https:\/\/delfiramos.com\/wp-content\/uploads\/IMG-20241025-WA0015-710x375.jpg);\"  title=\"Risoter\u00e0pia V\u00edcar\" ><\/div><\/div><figcaption class='av-inner-masonry-content site-background'><div class='av-inner-masonry-content-pos'><div class='av-inner-masonry-content-pos-content'><div class='avia-arrow'><\/div><h3 class='av-masonry-entry-title entry-title'  itemprop=\"headline\" >Risoter\u00e0pia a V\u00edcar<\/h3><span class='av-masonry-date meta-color updated'>30 novembre, 2024<\/span><span class=\"av-masonry-text-sep text-sep-author\">\/<\/span><span class='av-masonry-author meta-color author'><span class='fn'>by Delfi Ramos<\/span><\/span><\/div><\/div><\/figcaption><\/figure><\/a><!--end av-masonry entry--><a href=\"https:\/\/delfiramos.com\/ca\/no-detenerse\/\"  id='av-masonry-1-item-3163' data-av-masonry-item='3163' class='av-masonry-entry isotope-item post-3163 post type-post status-publish format-standard has-post-thumbnail hentry category-psicologia all_sort psicologia_sort  av-masonry-item-with-image' title=\"No aturar-se\"   itemscope=\"itemscope\" itemtype=\"https:\/\/schema.org\/CreativeWork\" ><div class='av-inner-masonry-sizer'><\/div><figure class='av-inner-masonry main_color'><div class=\"av-masonry-outerimage-container\"><div class='av-masonry-image-container' style=\"background-image: url(https:\/\/delfiramos.com\/wp-content\/uploads\/reflexiones-710x375.jpg);\"  title=\"No aturar-se\" ><\/div><\/div><figcaption class='av-inner-masonry-content site-background'><div class='av-inner-masonry-content-pos'><div class='av-inner-masonry-content-pos-content'><div class='avia-arrow'><\/div><h3 class='av-masonry-entry-title entry-title'  itemprop=\"headline\" >No aturar-se<\/h3><span class='av-masonry-date meta-color updated'>27 agost, 2024<\/span><span class=\"av-masonry-text-sep text-sep-author\">\/<\/span><span class='av-masonry-author meta-color author'><span class='fn'>by Delfi Ramos<\/span><\/span><\/div><\/div><\/figcaption><\/figure><\/a><!--end av-masonry entry--><a href=\"https:\/\/delfiramos.com\/ca\/conversando-sobre-el-yoga-y-la-salud-con-elisabet-cor-ruera\/\"  id='av-masonry-1-item-3077' data-av-masonry-item='3077' class='av-masonry-entry isotope-item post-3077 post type-post status-publish format-standard has-post-thumbnail hentry category-psicologia all_sort psicologia_sort  av-masonry-item-with-image' title=\"meditat-1851165_1280\"   itemscope=\"itemscope\" itemtype=\"https:\/\/schema.org\/CreativeWork\" ><div class='av-inner-masonry-sizer'><\/div><figure class='av-inner-masonry main_color'><div class=\"av-masonry-outerimage-container\"><div class='av-masonry-image-container' style=\"background-image: url(https:\/\/delfiramos.com\/wp-content\/uploads\/meditate-1851165_1280-710x375.jpg);\"  title=\"meditat-1851165_1280\" ><\/div><\/div><figcaption class='av-inner-masonry-content site-background'><div class='av-inner-masonry-content-pos'><div class='av-inner-masonry-content-pos-content'><div class='avia-arrow'><\/div><h3 class='av-masonry-entry-title entry-title'  itemprop=\"headline\" >Conversant sobre el ioga i la salut amb Elisabet Cor Ruera<\/h3><span class='av-masonry-date meta-color updated'>15 juliol, 2024<\/span><span class=\"av-masonry-text-sep text-sep-author\">\/<\/span><span class='av-masonry-author meta-color author'><span class='fn'>by Delfi Ramos<\/span><\/span><\/div><\/div><\/figcaption><\/figure><\/a><!--end av-masonry entry--><a href=\"https:\/\/delfiramos.com\/ca\/tarde-de-risoterapia-xd\/\"  id='av-masonry-1-item-3022' data-av-masonry-item='3022' class='av-masonry-entry isotope-item post-3022 post type-post status-publish format-standard has-post-thumbnail hentry category-psicologia all_sort psicologia_sort  av-masonry-item-with-image' title=\"Taller Risoter\u00e0pia Asoc La nostra Senyora de l&#039;Asunci\u00f3n\"   itemscope=\"itemscope\" itemtype=\"https:\/\/schema.org\/CreativeWork\" ><div class='av-inner-masonry-sizer'><\/div><figure class='av-inner-masonry main_color'><div class=\"av-masonry-outerimage-container\"><div class='av-masonry-image-container' style=\"background-image: url(https:\/\/delfiramos.com\/wp-content\/uploads\/Taller-Risoterapia-Asoc-Nuestra-Senora-de-la-Asuncion-710x375.jpg);\"  title=\"Taller Risoter\u00e0pia Asoc La nostra Senyora de l&#039;Asunci\u00f3n\" ><\/div><\/div><figcaption class='av-inner-masonry-content site-background'><div class='av-inner-masonry-content-pos'><div class='av-inner-masonry-content-pos-content'><div class='avia-arrow'><\/div><h3 class='av-masonry-entry-title entry-title'  itemprop=\"headline\" >Tarda de Risoter\u00e0pia xD<\/h3><span class='av-masonry-date meta-color updated'>22 juny, 2024<\/span><span class=\"av-masonry-text-sep text-sep-author\">\/<\/span><span class='av-masonry-author meta-color author'><span class='fn'>by Delfi Ramos<\/span><\/span><\/div><\/div><\/figcaption><\/figure><\/a><!--end av-masonry entry--><a href=\"https:\/\/delfiramos.com\/ca\/nada-mas-serio-que-la-risa\/\"  id='av-masonry-1-item-2991' data-av-masonry-item='2991' class='av-masonry-entry isotope-item post-2991 post type-post status-publish format-standard has-post-thumbnail hentry category-psicologia all_sort psicologia_sort  av-masonry-item-with-image' title=\"Taller Risoter\u00e0pia Juny 2024\"   itemscope=\"itemscope\" itemtype=\"https:\/\/schema.org\/CreativeWork\" ><div class='av-inner-masonry-sizer'><\/div><figure class='av-inner-masonry main_color'><div class=\"av-masonry-outerimage-container\"><div class='av-masonry-image-container' style=\"background-image: url(https:\/\/delfiramos.com\/wp-content\/uploads\/Taller-Risoterapia-Junio-2024-710x375.jpg);\"  title=\"Taller Risoter\u00e0pia Juny 2024\" ><\/div><\/div><figcaption class='av-inner-masonry-content site-background'><div class='av-inner-masonry-content-pos'><div class='av-inner-masonry-content-pos-content'><div class='avia-arrow'><\/div><h3 class='av-masonry-entry-title entry-title'  itemprop=\"headline\" >Res m\u00e9s seri\u00f3s que el riure<\/h3><span class='av-masonry-date meta-color updated'>18 juny, 2024<\/span><span class=\"av-masonry-text-sep text-sep-author\">\/<\/span><span class='av-masonry-author meta-color author'><span class='fn'>by Delfi Ramos<\/span><\/span><\/div><\/div><\/figcaption><\/figure><\/a><!--end av-masonry entry--><a href=\"https:\/\/delfiramos.com\/ca\/orgasmos-en-dos-minutos-disfuncion-o-reclamo-publicitario\/\"  id='av-masonry-1-item-2949' data-av-masonry-item='2949' class='av-masonry-entry isotope-item post-2949 post type-post status-publish format-standard has-post-thumbnail hentry category-sexologia tag-disfuncion tag-orgasmos all_sort sexologia_sort  av-masonry-item-with-image' title=\"satisfayer\"   itemscope=\"itemscope\" itemtype=\"https:\/\/schema.org\/CreativeWork\" ><div class='av-inner-masonry-sizer'><\/div><figure class='av-inner-masonry main_color'><div class=\"av-masonry-outerimage-container\"><div class='av-masonry-image-container' style=\"background-image: url(https:\/\/delfiramos.com\/wp-content\/uploads\/satisfayer-710x375.png);\"  title=\"satisfayer\" ><\/div><\/div><figcaption class='av-inner-masonry-content site-background'><div class='av-inner-masonry-content-pos'><div class='av-inner-masonry-content-pos-content'><div class='avia-arrow'><\/div><h3 class='av-masonry-entry-title entry-title'  itemprop=\"headline\" >Orgasmes en dos minuts: disfunci\u00f3 o reclam publicitari?<\/h3><span class='av-masonry-date meta-color updated'>9 gener, 2024<\/span><span class=\"av-masonry-text-sep text-sep-author\">\/<\/span><span class='av-masonry-author meta-color author'><span class='fn'>by Delfi Ramos<\/span><\/span><\/div><\/div><\/figcaption><\/figure><\/a><!--end av-masonry entry--><a href=\"https:\/\/delfiramos.com\/ca\/mis-no-redes\/\"  id='av-masonry-1-item-2452' data-av-masonry-item='2452' class='av-masonry-entry isotope-item post-2452 post type-post status-publish format-standard has-post-thumbnail hentry category-psicologia tag-mindfulness tag-redes-sociales all_sort psicologia_sort  av-masonry-item-with-image' title=\"No-xarxes\"   itemscope=\"itemscope\" itemtype=\"https:\/\/schema.org\/CreativeWork\" ><div class='av-inner-masonry-sizer'><\/div><figure class='av-inner-masonry main_color'><div class=\"av-masonry-outerimage-container\"><div class='av-masonry-image-container' style=\"background-image: url(https:\/\/delfiramos.com\/wp-content\/uploads\/No-redes-710x375.jpg);\"  title=\"No-xarxes\" ><\/div><\/div><figcaption class='av-inner-masonry-content site-background'><div class='av-inner-masonry-content-pos'><div class='av-inner-masonry-content-pos-content'><div class='avia-arrow'><\/div><h3 class='av-masonry-entry-title entry-title'  itemprop=\"headline\" >Benvinguda, benvingut als meus NO-XARXES<\/h3><span class='av-masonry-date meta-color updated'>19 novembre, 2023<\/span><span class=\"av-masonry-text-sep text-sep-author\">\/<\/span><span class='av-masonry-author meta-color author'><span class='fn'>by Delfi Ramos<\/span><\/span><\/div><\/div><\/figcaption><\/figure><\/a><!--end av-masonry entry--><\/div><\/div>\n\n<style type=\"text\/css\" data-created_by=\"avia_inline_auto\" id=\"style-css-av-2si8ci-62f2e438d55b706c2d8e9ee20114c9b8\">\n#top .hr.hr-invisible.av-2si8ci-62f2e438d55b706c2d8e9ee20114c9b8{\nheight:60px;\n}\n<\/style>\n<div  class='hr av-2si8ci-62f2e438d55b706c2d8e9ee20114c9b8 hr-invisible  avia-builder-el-11  el_after_av_masonry_entries  avia-builder-el-no-sibling'><span class='hr-inner'><span class=\"hr-inner-style\"><\/span><\/span><\/div>","protected":false},"excerpt":{"rendered":"","protected":false},"author":5,"featured_media":0,"parent":0,"menu_order":0,"comment_status":"closed","ping_status":"closed","template":"","meta":{"_joinchat":[],"footnotes":""},"class_list":["post-2226","page","type-page","status-publish","hentry"],"yoast_head":"<!-- This site is optimized with the Yoast SEO plugin v25.2 - https:\/\/yoast.com\/wordpress\/plugins\/seo\/ -->\n<title>No-Redes &#183; Delfi Ramos<\/title>\n<meta name=\"description\" content=\"No estar\u00e9 presente en redes sociales o en portales de marketing de salud. Se trata de una decisi\u00f3n muy meditada y que mantendr\u00e9 por ahora. Conoce un poco m\u00e1s sobre esta decisi\u00f3n AQU\u00cd. Entre tanto te invito a seguirme en mis NO-REDES, volver\u00e1s a experimentar la sensaci\u00f3n de conectar a tu ritmo, sin interrupciones y sin la presi\u00f3n de decidir si te ha gustado o no.\" \/>\n<meta name=\"robots\" content=\"index, follow, max-snippet:-1, max-image-preview:large, max-video-preview:-1\" \/>\n<link rel=\"canonical\" href=\"https:\/\/delfiramos.com\/ca\/no-redes\/\" \/>\n<meta property=\"og:locale\" content=\"ca_ES\" \/>\n<meta property=\"og:type\" content=\"article\" \/>\n<meta property=\"og:title\" content=\"No-Redes &#183; Delfi Ramos\" \/>\n<meta property=\"og:description\" content=\"No estar\u00e9 presente en redes sociales o en portales de marketing de salud. Se trata de una decisi\u00f3n muy meditada y que mantendr\u00e9 por ahora. Conoce un poco m\u00e1s sobre esta decisi\u00f3n AQU\u00cd. Entre tanto te invito a seguirme en mis NO-REDES, volver\u00e1s a experimentar la sensaci\u00f3n de conectar a tu ritmo, sin interrupciones y sin la presi\u00f3n de decidir si te ha gustado o no.\" \/>\n<meta property=\"og:url\" content=\"https:\/\/delfiramos.com\/ca\/no-redes\/\" \/>\n<meta property=\"og:site_name\" content=\"Delfi Ramos\" \/>\n<meta property=\"article:modified_time\" content=\"2025-05-09T11:06:46+00:00\" \/>\n<meta name=\"twitter:card\" content=\"summary_large_image\" \/>\n<meta name=\"twitter:label1\" content=\"Temps estimat de lectura\" \/>\n\t<meta name=\"twitter:data1\" content=\"2 minuts\" \/>\n<script type=\"application\/ld+json\" class=\"yoast-schema-graph\">{\"@context\":\"https:\/\/schema.org\",\"@graph\":[{\"@type\":\"WebPage\",\"@id\":\"https:\/\/delfiramos.com\/no-redes\/\",\"url\":\"https:\/\/delfiramos.com\/no-redes\/\",\"name\":\"No-Redes &#183; Delfi Ramos\",\"isPartOf\":{\"@id\":\"https:\/\/delfiramos.com\/#website\"},\"datePublished\":\"2023-09-29T13:37:59+00:00\",\"dateModified\":\"2025-05-09T11:06:46+00:00\",\"description\":\"No estar\u00e9 presente en redes sociales o en portales de marketing de salud. Se trata de una decisi\u00f3n muy meditada y que mantendr\u00e9 por ahora. Conoce un poco m\u00e1s sobre esta decisi\u00f3n AQU\u00cd. Entre tanto te invito a seguirme en mis NO-REDES, volver\u00e1s a experimentar la sensaci\u00f3n de conectar a tu ritmo, sin interrupciones y sin la presi\u00f3n de decidir si te ha gustado o no.\",\"breadcrumb\":{\"@id\":\"https:\/\/delfiramos.com\/no-redes\/#breadcrumb\"},\"inLanguage\":\"ca\",\"potentialAction\":[{\"@type\":\"ReadAction\",\"target\":[\"https:\/\/delfiramos.com\/no-redes\/\"]}]},{\"@type\":\"BreadcrumbList\",\"@id\":\"https:\/\/delfiramos.com\/no-redes\/#breadcrumb\",\"itemListElement\":[{\"@type\":\"ListItem\",\"position\":1,\"name\":\"Inicio\",\"item\":\"https:\/\/delfiramos.com\/inicio\/\"},{\"@type\":\"ListItem\",\"position\":2,\"name\":\"No-Redes\"}]},{\"@type\":\"WebSite\",\"@id\":\"https:\/\/delfiramos.com\/#website\",\"url\":\"https:\/\/delfiramos.com\/\",\"name\":\"Delfi Ramos\",\"description\":\"Psic\u00f3loga Sanitaria y Sex\u00f3loga \u00b7 M\u00e1ster en An\u00e1lisis Funcional en Contextos Cl\u00ednicos y de la Salud \u00b7 M\u00e1ster en Intervenci\u00f3n en Trastornos Psicol\u00f3gicos en Infancia y Adolescencia\",\"publisher\":{\"@id\":\"https:\/\/delfiramos.com\/#\/schema\/person\/3b9dc9c684235188d03b71fcda7ba40c\"},\"alternateName\":\"Sex\u00f3loga y Psic\u00f3loga Sanitaria\",\"potentialAction\":[{\"@type\":\"SearchAction\",\"target\":{\"@type\":\"EntryPoint\",\"urlTemplate\":\"https:\/\/delfiramos.com\/?s={search_term_string}\"},\"query-input\":{\"@type\":\"PropertyValueSpecification\",\"valueRequired\":true,\"valueName\":\"search_term_string\"}}],\"inLanguage\":\"ca\"},{\"@type\":[\"Person\",\"Organization\"],\"@id\":\"https:\/\/delfiramos.com\/#\/schema\/person\/3b9dc9c684235188d03b71fcda7ba40c\",\"name\":\"Delfi Ramos\",\"logo\":{\"@id\":\"https:\/\/delfiramos.com\/#\/schema\/person\/image\/\"},\"sameAs\":[\"https:\/\/delfiramos.com\/\"]}]}<\/script>\n<!-- \/ Yoast SEO plugin. -->","yoast_head_json":{"title":"No-Redes &#183; Delfi Ramos","description":"No estar\u00e9 presente en redes sociales o en portales de marketing de salud. Se trata de una decisi\u00f3n muy meditada y que mantendr\u00e9 por ahora. Conoce un poco m\u00e1s sobre esta decisi\u00f3n AQU\u00cd. Entre tanto te invito a seguirme en mis NO-REDES, volver\u00e1s a experimentar la sensaci\u00f3n de conectar a tu ritmo, sin interrupciones y sin la presi\u00f3n de decidir si te ha gustado o no.","robots":{"index":"index","follow":"follow","max-snippet":"max-snippet:-1","max-image-preview":"max-image-preview:large","max-video-preview":"max-video-preview:-1"},"canonical":"https:\/\/delfiramos.com\/ca\/no-redes\/","og_locale":"ca_ES","og_type":"article","og_title":"No-Redes &#183; Delfi Ramos","og_description":"No estar\u00e9 presente en redes sociales o en portales de marketing de salud. Se trata de una decisi\u00f3n muy meditada y que mantendr\u00e9 por ahora. Conoce un poco m\u00e1s sobre esta decisi\u00f3n AQU\u00cd. Entre tanto te invito a seguirme en mis NO-REDES, volver\u00e1s a experimentar la sensaci\u00f3n de conectar a tu ritmo, sin interrupciones y sin la presi\u00f3n de decidir si te ha gustado o no.","og_url":"https:\/\/delfiramos.com\/ca\/no-redes\/","og_site_name":"Delfi Ramos","article_modified_time":"2025-05-09T11:06:46+00:00","twitter_card":"summary_large_image","twitter_misc":{"Temps estimat de lectura":"2 minuts"},"schema":{"@context":"https:\/\/schema.org","@graph":[{"@type":"WebPage","@id":"https:\/\/delfiramos.com\/no-redes\/","url":"https:\/\/delfiramos.com\/no-redes\/","name":"No-Redes &#183; Delfi Ramos","isPartOf":{"@id":"https:\/\/delfiramos.com\/#website"},"datePublished":"2023-09-29T13:37:59+00:00","dateModified":"2025-05-09T11:06:46+00:00","description":"No estar\u00e9 presente en redes sociales o en portales de marketing de salud. Se trata de una decisi\u00f3n muy meditada y que mantendr\u00e9 por ahora. Conoce un poco m\u00e1s sobre esta decisi\u00f3n AQU\u00cd. Entre tanto te invito a seguirme en mis NO-REDES, volver\u00e1s a experimentar la sensaci\u00f3n de conectar a tu ritmo, sin interrupciones y sin la presi\u00f3n de decidir si te ha gustado o no.","breadcrumb":{"@id":"https:\/\/delfiramos.com\/no-redes\/#breadcrumb"},"inLanguage":"ca","potentialAction":[{"@type":"ReadAction","target":["https:\/\/delfiramos.com\/no-redes\/"]}]},{"@type":"BreadcrumbList","@id":"https:\/\/delfiramos.com\/no-redes\/#breadcrumb","itemListElement":[{"@type":"ListItem","position":1,"name":"Inicio","item":"https:\/\/delfiramos.com\/inicio\/"},{"@type":"ListItem","position":2,"name":"No-Redes"}]},{"@type":"WebSite","@id":"https:\/\/delfiramos.com\/#website","url":"https:\/\/delfiramos.com\/","name":"Delfi Ramos","description":"Psic\u00f3loga Sanitaria y Sex\u00f3loga \u00b7 M\u00e1ster en An\u00e1lisis Funcional en Contextos Cl\u00ednicos y de la Salud \u00b7 M\u00e1ster en Intervenci\u00f3n en Trastornos Psicol\u00f3gicos en Infancia y Adolescencia","publisher":{"@id":"https:\/\/delfiramos.com\/#\/schema\/person\/3b9dc9c684235188d03b71fcda7ba40c"},"alternateName":"Sex\u00f3loga y Psic\u00f3loga Sanitaria","potentialAction":[{"@type":"SearchAction","target":{"@type":"EntryPoint","urlTemplate":"https:\/\/delfiramos.com\/?s={search_term_string}"},"query-input":{"@type":"PropertyValueSpecification","valueRequired":true,"valueName":"search_term_string"}}],"inLanguage":"ca"},{"@type":["Person","Organization"],"@id":"https:\/\/delfiramos.com\/#\/schema\/person\/3b9dc9c684235188d03b71fcda7ba40c","name":"Delfi Ramos","logo":{"@id":"https:\/\/delfiramos.com\/#\/schema\/person\/image\/"},"sameAs":["https:\/\/delfiramos.com\/"]}]}},"_links":{"self":[{"href":"https:\/\/delfiramos.com\/ca\/wp-json\/wp\/v2\/pages\/2226","targetHints":{"allow":["GET"]}}],"collection":[{"href":"https:\/\/delfiramos.com\/ca\/wp-json\/wp\/v2\/pages"}],"about":[{"href":"https:\/\/delfiramos.com\/ca\/wp-json\/wp\/v2\/types\/page"}],"author":[{"embeddable":true,"href":"https:\/\/delfiramos.com\/ca\/wp-json\/wp\/v2\/users\/5"}],"replies":[{"embeddable":true,"href":"https:\/\/delfiramos.com\/ca\/wp-json\/wp\/v2\/comments?post=2226"}],"version-history":[{"count":32,"href":"https:\/\/delfiramos.com\/ca\/wp-json\/wp\/v2\/pages\/2226\/revisions"}],"predecessor-version":[{"id":3813,"href":"https:\/\/delfiramos.com\/ca\/wp-json\/wp\/v2\/pages\/2226\/revisions\/3813"}],"wp:attachment":[{"href":"https:\/\/delfiramos.com\/ca\/wp-json\/wp\/v2\/media?parent=2226"}],"curies":[{"name":"wp","href":"https:\/\/api.w.org\/{rel}","templated":true}]}}